{"id":12524,"date":"2026-08-14T10:35:17","date_gmt":"2026-08-14T08:35:17","guid":{"rendered":"https:\/\/tonsberg.katolsk.no\/?page_id=12524"},"modified":"2026-08-18T13:14:17","modified_gmt":"2026-08-18T11:14:17","slug":"familiekatekese-2026-2027","status":"publish","type":"page","link":"https:\/\/tonsberg.katolsk.no\/index.php\/familiekatekese-2026-2027\/","title":{"rendered":"Familiekatekese 2026-2027"},"content":{"rendered":"\n<p class=\"wp-block-paragraph\" style=\"font-size:17px\">Familiekatekese er en katekesegruppe for barnefamilier i menigheten. Vi har hatt litt forskjellige  opplegg for denne katekesen gjennom de siste fem \u00e5rene. De siste \u00e5rene har vi spesielt lagt vekt p\u00e5 at barn i 2. klasse burde delta i familiekatekesen som en del av sin forberedelse til f\u00f8rstekommunion, slik at kommunionsforberedelsen strekker seg over to \u00e5r og ikke bare ett. Dette er et \u00f8nske fra v\u00e5r tidligere biskop Bernt Eidsvig, og st\u00e5r fremdeles ved lag. <br><br>M\u00e5lgruppen for selve f\u00f8rstekommunionskatekesegruppen er barn i 3. klasse.<\/p>\n\n\n\n<p class=\"wp-block-paragraph\" style=\"font-size:17px\">Egentlig har \u00f8nsket v\u00e6rt at familiekatekesen skal v\u00e6re et opplegg for <em>hele <\/em>familien, s\u00e6rlig for familier barn i sm\u00e5skolealder. Det ideelle vil v\u00e6re dersom vi kan greie \u00e5 lage et opplegg som ogs\u00e5 inkluderer et tilbud for familier med eldre barn og ten\u00e5ringer. <\/p>\n\n\n\n<p class=\"wp-block-paragraph\" style=\"font-size:17px\">Dette holder vi p\u00e5 \u00e5 arbeide med for \u00f8yeblikket. Det kommer til \u00e5 bli et tilbud\/opplegg, s\u00e5 f\u00f8lg med i kunngj\u00f8ringene i Messen, p\u00e5 FaceBook og p\u00e5 nettsiden her. I l\u00f8pet av de nest ukene er vi mest sannsynlig klare til \u00e5 prestere det nye tilbudet.<\/p>\n\n\n\n<p class=\"wp-block-paragraph\" style=\"font-size:17px\"><strong>S\u00f8ndagsskolen: Et viktig tilbud for barnefamiliene<\/strong><br>Det er ogs\u00e5 viktig \u00e5 merke seg at vi til hver s\u00f8ndgsmesse og h\u00f8ymesse har <em>Ordets liturgi for barn<\/em> (alts\u00e5 s\u00f8ndagsskole) i Messen. Da g\u00e5r barna ut sammen med s\u00f8ndagsskolel\u00e6rer rett f\u00f8r ordets liturgi. Dersom barna er litt engstelige for \u00e5 g\u00e5 alene, kan foresatte gjerne v\u00e6re med. Ellers er det helt greit at barna blir med s\u00f8ndagsskolen ut alene, slik at foreldrene kan f\u00e5 med seg lesningene og prekenen. Det er litt av hensikten med det hele: at foreldrene f\u00e5r med seg lesninger og preken mens barna f\u00e5r alt dette presentert p\u00e5 en m\u00e5te de bedre og lettere kan forst\u00e5.<\/p>\n\n\n\n<p class=\"wp-block-paragraph\" style=\"font-size:18px\">Det kan kanskje oppleves som vanskelig \u00e5 ha med barna i kirken. Noen barn sliter b\u00e5de med \u00e5 sitte stille og med \u00e5 forst\u00e5 hva som foreg\u00e5r, ogs\u00e5 hensikten med Messen. Her er noen tanker og tisp: 1) La barna bli med ut p\u00e5 s\u00f8ndagsskolen. 2) G\u00e5 ut i noen minutter ander steder i Messen  med barna (f\u00f8r\/etter s\u00f8ndagsskolen) dersom de kan trenge en kort pause. 3) Delta i Messen sammen med barna. Finn frem b\u00f8nner og sanger og gj\u00f8r dem sammen (foreldre og barn). Knel, be og g\u00e5 opp til kommunion sammen. Barn som ikke har mottatt f\u00f8rstekommunion (gjelder ogs\u00e5 ungdom og voksne som heller ikke har f\u00e5tt kommunion for f\u00f8rste gang) kan f\u00e5 en velsignelse under kommunion ved \u00e5 g\u00e5 opp mot alteret sammen med alle andre.  4) Bakerst i kirken ligger det noen kurver med barneb\u00f8ker. Barna er velkomne til \u00e5 l\u00e5ne disse (se, bla og lese i) under Messen dersom de sliter litt med konsentrasjonen.<\/p>\n\n\n\n<p class=\"wp-block-paragraph\" style=\"font-size:19px\">Barnefamilier er naturligvis hjertelig velkomne p\u00e5 kirkekaffen! Inne menighetssalen har vi en liten lekekrok for barna. Menigheten vokser, og det har ogs\u00e5 kommet flere barnefamilier til menigheten de siste \u00e5rene. Kirkekaffen er et fint m\u00f8tested der man blir kjent <em>b\u00e5de <\/em>med de andre barnefamilien <em>og <\/em>med alle andre i menigheten.<\/p>\n\n\n\n<p class=\"wp-block-paragraph\" style=\"font-size:19px\">F\u00f8lg med her og i kunngj\u00f8ringene under s\u00f8ndagsmessene for mer info om familiekatekese.<\/p>\n\n\n\n<p class=\"wp-block-paragraph\"><\/p>\n","protected":false},"excerpt":{"rendered":"<p>Familiekatekese er en katekesegruppe for barnefamilier i menigheten. Vi har hatt litt forskjellige opplegg for denne katekesen gjennom de siste fem \u00e5rene. De siste \u00e5rene har vi spesielt lagt vekt p\u00e5 at barn i 2. klasse burde delta i familiekatekesen som en del av sin forberedelse til f\u00f8rstekommunion, slik at kommunionsforberedelsen strekker seg over to &hellip; <\/p>\n<p class=\"link-more\"><a href=\"https:\/\/tonsberg.katolsk.no\/index.php\/familiekatekese-2026-2027\/\" class=\"more-link\">Fortsett \u00e5 lese<span class=\"screen-reader-text\"> \u00abFamiliekatekese 2026-2027\u00bb<\/span><\/a><\/p>\n","protected":false},"author":3,"featured_media":0,"parent":0,"menu_order":0,"comment_status":"closed","ping_status":"closed","template":"","meta":{"footnotes":""},"class_list":["post-12524","page","type-page","status-publish","hentry"],"_links":{"self":[{"href":"https:\/\/tonsberg.katolsk.no\/index.php\/wp-json\/wp\/v2\/pages\/12524","targetHints":{"allow":["GET"]}}],"collection":[{"href":"https:\/\/tonsberg.katolsk.no\/index.php\/wp-json\/wp\/v2\/pages"}],"about":[{"href":"https:\/\/tonsberg.katolsk.no\/index.php\/wp-json\/wp\/v2\/types\/page"}],"author":[{"embeddable":true,"href":"https:\/\/tonsberg.katolsk.no\/index.php\/wp-json\/wp\/v2\/users\/3"}],"replies":[{"embeddable":true,"href":"https:\/\/tonsberg.katolsk.no\/index.php\/wp-json\/wp\/v2\/comments?post=12524"}],"version-history":[{"count":5,"href":"https:\/\/tonsberg.katolsk.no\/index.php\/wp-json\/wp\/v2\/pages\/12524\/revisions"}],"predecessor-version":[{"id":12602,"href":"https:\/\/tonsberg.katolsk.no\/index.php\/wp-json\/wp\/v2\/pages\/12524\/revisions\/12602"}],"wp:attachment":[{"href":"https:\/\/tonsberg.katolsk.no\/index.php\/wp-json\/wp\/v2\/media?parent=12524"}],"curies":[{"name":"wp","href":"https:\/\/api.w.org\/{rel}","templated":true}]}}